{"id":532,"date":"2026-04-23T17:18:35","date_gmt":"2026-04-23T15:18:35","guid":{"rendered":"https:\/\/mfr-group.es\/politica-de-privacidad\/"},"modified":"2026-04-29T18:36:31","modified_gmt":"2026-04-29T16:36:31","slug":"politica-de-privacidad","status":"publish","type":"page","link":"https:\/\/mfr-group.es\/ca\/politica-de-privacidad\/","title":{"rendered":"Pol\u00edtica de privacidad"},"content":{"rendered":"\t\t<div data-elementor-type=\"wp-page\" data-elementor-id=\"532\" class=\"elementor elementor-532 elementor-112\" data-elementor-post-type=\"page\">\n\t\t\t\t<div class=\"elementor-element elementor-element-6f0ebd5 e-flex e-con-boxed e-con e-parent\" data-id=\"6f0ebd5\" data-element_type=\"container\" data-e-type=\"container\">\n\t\t\t\t\t<div class=\"e-con-inner\">\n\t\t\t\t\t<\/div>\n\t\t\t\t<\/div>\n\t\t<div class=\"elementor-element elementor-element-54521646 e-flex e-con-boxed e-con e-parent\" data-id=\"54521646\" data-element_type=\"container\" data-e-type=\"container\">\n\t\t\t\t\t<div class=\"e-con-inner\">\n\t\t\t\t<div class=\"elementor-element elementor-element-7c6a0206 elementor-widget elementor-widget-text-editor\" data-id=\"7c6a0206\" data-element_type=\"widget\" data-e-type=\"widget\" data-widget_type=\"text-editor.default\">\n\t\t\t\t\t\t\t\t\t\n<p><strong>1. Datos del Responsable del Tratamiento<\/strong><\/p>\n\n<p><strong>Denominaci\u00f3n social<\/strong>: MFR SERVICES AND SHOPFITTING 2016, S.L.<\/p>\n<p><strong>Nombre comercial<\/strong>: Instalaciones MFR<\/p>\n<p><strong>Domicilio social<\/strong>: C\/Llu\u00eds Millet, 10, 08850, Gav\u00e0<\/p>\n<p><strong>NIF<\/strong>: B66851171<\/p>\n<p><strong>Email<\/strong>: <a href=\"mailto:administracion@instalaciones-mfr.com\">administracion@instalaciones-mfr.com<\/a><\/p>\n\n<p><strong>1.1. Normativa aplicable<\/strong><\/p>\n\n<p>Nuestra Pol\u00edtica de Privacidad se ha dise\u00f1ado de acuerdo con el Reglamento General de Protecci\u00f3n de Datos de la UE 2016\/679 del Parlamento Europeo y del Consejo, de 27 de abril de 2016, relativo a la protecci\u00f3n de las personas f\u00edsicas en lo que se refiere al tratamiento de datos personales ya la libre circulaci\u00f3n de estos datos y en lo que se deroga 3\/2018 de 5 de diciembre, de Protecci\u00f3n de Datos de Car\u00e1cter Personal y Garant\u00eda de Derechos Digitales.<\/p>\n\n<p>Al facilitarnos sus datos, declara haber le\u00eddo y conocer la presente Pol\u00edtica de Privacidad, prestando su consentimiento inequ\u00edvoco y expreso al tratamiento de sus datos personales de acuerdo con los fines y t\u00e9rminos aqu\u00ed expresados.<\/p>\n\n<p>La Empresa podr\u00e1 modificar esta Pol\u00edtica de Privacidad para adaptarla a las novedades legislativas, jurisprudenciales o de interpretaci\u00f3n de la Agencia Espa\u00f1ola de Protecci\u00f3n de Datos.<\/p>\n\n<p>Estas condiciones de privacidad pueden ser complementadas por el Aviso Legal, Pol\u00edtica de Cookies y las Condiciones Generales que, en su caso, se recojan para determinados productos o servicios, si dicho acceso supone alguna especialidad en materia de protecci\u00f3n de datos de car\u00e1cter personal.<\/p>\n\n<p><strong>2. Finalidad del Tratamiento de los Datos Personales<\/strong><\/p>\n\n<p>El tratamiento que realizamos de sus datos personales responde a las siguientes finalidades:<br>Lista todos los prop\u00f3sitos para los que se recogen datos. Por ejemplo: gesti\u00f3n de la comunicaci\u00f3n, env\u00edo de newsletter, etc. <\/p>\n\n<p><strong>2.1. Plazo de Conservaci\u00f3n de sus datos<\/strong><\/p>\n\n<p>Conservaremos sus datos personales desde que nos d\u00e9 su consentimiento hasta que lo revoque o solicite la limitaci\u00f3n del tratamiento. En estos casos, mantendremos sus datos de forma bloqueada durante los plazos legalmente exigidos. <\/p>\n\n<p><strong>3. Legitimaci\u00f3n y Datos Recaudados<\/strong><\/p>\n\n<p>La legitimaci\u00f3n para el tratamiento de sus datos es el consentimiento expreso otorgado mediante un acto positivo y afirmativo (rellenar el formulario correspondiente y marcar la casilla de aceptaci\u00f3n de esta pol\u00edtica) en el momento de facilitarnos sus datos personales.<\/p>\n\n<p><strong>3.1. Consentimiento para tratar sus datos<\/strong><\/p>\n\n<p>Al rellenar los formularios, marcar la casilla \u201cAcepto la Pol\u00edtica de Privacidad\u201d y hacer clic para enviar los datos, o al remitir correos electr\u00f3nicos a la Empresa a trav\u00e9s de las cuentas habilitadas al efecto, el Usuario manifiesta haber le\u00eddo y aceptado expresamente esta pol\u00edtica de privacidad, otorgando su consentimiento inequ\u00edvoco.<\/p>\n\n<p><strong>4. Medidas de Seguridad<\/strong><\/p>\n\n<p>Dentro de nuestro compromiso por garantizar la seguridad y confidencialidad de sus datos de car\u00e1cter personal, le informamos que se han adoptado las medidas de \u00edndole t\u00e9cnica y organizativas necesarias para garantizar la seguridad de los datos de car\u00e1cter personal y evitar su alteraci\u00f3n, p\u00e9rdida, tratamiento o acceso no autorizado, teniendo en cuenta el estado de la tecnolog\u00eda, la naturaleza de los datos almacenados y los riesgos almacenados. 32 del RGPD EU 679\/2016. <\/p>\n\n<p><strong>5. Cesi\u00f3n de Datos<\/strong><\/p>\n\n<p>No se prev\u00e9n cesiones de datos ni transferencias internacionales de sus datos, con excepci\u00f3n de las autorizadas por la legislaci\u00f3n fiscal, mercantil y de telecomunicaciones, as\u00ed como en aquellos casos en que una autoridad judicial nos lo requiera.<\/p>\n\n<p><strong>6. Derechos del Usuario<\/strong><\/p>\n\n<p>Cualquier interesado tiene derecho a obtener confirmaci\u00f3n sobre si estamos tratando datos personales que le conciernen, o no. Las personas interesadas tienen derecho a acceder a sus datos personales, as\u00ed como a solicitar la rectificaci\u00f3n de los datos inexactos o, en su caso, solicitar su supresi\u00f3n cuando, entre otros motivos, los datos ya no sean necesarios para los fines recogidos. <\/p>\n\n<p>En determinadas circunstancias, los interesados \u200b\u200bpodr\u00e1n solicitar la limitaci\u00f3n del tratamiento de sus datos, en cuyo caso \u00fanicamente los conservaremos para el ejercicio o defensa de reclamaciones. Por motivos relacionados con su situaci\u00f3n particular, los interesados \u200b\u200bpodr\u00e1n oponerse al tratamiento de sus datos. <\/p>\n\n<p>El Responsable del archivo dejar\u00e1 de tratar los datos, salvo motivos leg\u00edtimos imperiosos, o el ejercicio o defensa de posibles reclamaciones. De acuerdo con la legislaci\u00f3n vigente tiene los siguientes derechos: <\/p>\n\n<ul class=\"wp-block-list\">\n<li>Derecho a solicitar el acceso a sus datos personales.<\/li>\n\n<li>Derecho a solicitar su rectificaci\u00f3n o supresi\u00f3n.<\/li>\n\n<li>Derecho a solicitar la limitaci\u00f3n del tratamiento.<\/li>\n\n<li>Derecho a oponerse al tratamiento.<\/li>\n\n<li>Derecho a la portabilidad de los datos y, asimismo, a revocar el consentimiento otorgado.<\/li>\n<\/ul>\n\n<p>Asimismo, tendr\u00e1 derecho a presentar una reclamaci\u00f3n ante la Agencia Espa\u00f1ola de Protecci\u00f3n de Datos.<\/p>\n\n<p><strong>6.1. \u00bfC\u00f3mo ejercitar mis derechos?<\/strong><\/p>\n\n<p>Para ejercer sus derechos, debe dirigirse al responsable, solicitando el correspondiente formulario para el ejercicio del derecho escogido. Opcionalmente, puede acudir a la Autoridad de Control competente para obtener informaci\u00f3n adicional sobre sus derechos. Los datos de contacto para el ejercicio de sus derechos son el tel\u00e9fono y el correo electr\u00f3nico de la empresa. Recuerde acompa\u00f1ar una copia de un documento que nos permita identificarse.   <\/p>\n\n<p><strong>7. Consentimiento para env\u00edo de Comunicaciones Electr\u00f3nicas<\/strong><\/p>\n\n<p>Asimismo, y de acuerdo con lo establecido en la Ley 34\/2002, de 11 de julio, de Servicios de la Sociedad de la Informaci\u00f3n y del Comercio Electr\u00f3nico, completando el formulario de recogida de datos y marcando.<\/p>\n\n<p> <\/p>\n\t\t\t\t\t\t\t\t<\/div>\n\t\t\t\t\t<\/div>\n\t\t\t\t<\/div>\n\t\t\t\t<\/div>\n\t\t","protected":false},"excerpt":{"rendered":"<p>1. Datos del Responsable del Tratamiento Denominaci\u00f3n social: MFR SERVICES AND SHOPFITTING 2016, S.L. Nombre comercial: Instalaciones MFR Domicilio social: C\/Llu\u00eds Millet, 10, 08850, Gav\u00e0 NIF: B66851171 Email: administracion@instalaciones-mfr.com 1.1. Normativa aplicable Nuestra Pol\u00edtica de Privacidad se ha dise\u00f1ado de acuerdo con el Reglamento General de Protecci\u00f3n de Datos de la UE 2016\/679 del Parlamento [&hellip;]<\/p>\n","protected":false},"author":1,"featured_media":0,"parent":0,"menu_order":0,"comment_status":"closed","ping_status":"closed","template":"elementor_header_footer","meta":{"_acf_changed":false,"footnotes":""},"class_list":["post-532","page","type-page","status-publish","hentry"],"acf":[],"yoast_head":"<!-- This site is optimized with the Yoast SEO plugin v27.5 - https:\/\/yoast.com\/product\/yoast-seo-wordpress\/ -->\n<title>Pol\u00edtica de privacidad - Instalaciones MFR<\/title>\n<meta name=\"robots\" content=\"index, follow, max-snippet:-1, max-image-preview:large, max-video-preview:-1\" \/>\n<link rel=\"canonical\" href=\"https:\/\/mfr-group.es\/ca\/politica-de-privacidad\/\" \/>\n<meta property=\"og:locale\" content=\"ca_ES\" \/>\n<meta property=\"og:type\" content=\"article\" \/>\n<meta property=\"og:title\" content=\"Pol\u00edtica de privacidad - Instalaciones MFR\" \/>\n<meta property=\"og:description\" content=\"1. Datos del Responsable del Tratamiento Denominaci\u00f3n social: MFR SERVICES AND SHOPFITTING 2016, S.L. Nombre comercial: Instalaciones MFR Domicilio social: C\/Llu\u00eds Millet, 10, 08850, Gav\u00e0 NIF: B66851171 Email: administracion@instalaciones-mfr.com 1.1. Normativa aplicable Nuestra Pol\u00edtica de Privacidad se ha dise\u00f1ado de acuerdo con el Reglamento General de Protecci\u00f3n de Datos de la UE 2016\/679 del Parlamento [&hellip;]\" \/>\n<meta property=\"og:url\" content=\"https:\/\/mfr-group.es\/ca\/politica-de-privacidad\/\" \/>\n<meta property=\"og:site_name\" content=\"Instalaciones MFR\" \/>\n<meta property=\"article:modified_time\" content=\"2026-04-29T16:36:31+00:00\" \/>\n<meta name=\"twitter:card\" content=\"summary_large_image\" \/>\n<meta name=\"twitter:label1\" content=\"Temps estimat de lectura\" \/>\n\t<meta name=\"twitter:data1\" content=\"4 minuts\" \/>\n<script type=\"application\/ld+json\" class=\"yoast-schema-graph\">{\"@context\":\"https:\\\/\\\/schema.org\",\"@graph\":[{\"@type\":\"WebPage\",\"@id\":\"https:\\\/\\\/mfr-group.es\\\/ca\\\/politica-de-privacidad\\\/\",\"url\":\"https:\\\/\\\/mfr-group.es\\\/ca\\\/politica-de-privacidad\\\/\",\"name\":\"Pol\u00edtica de privacidad - Instalaciones MFR\",\"isPartOf\":{\"@id\":\"https:\\\/\\\/mfr-group.es\\\/ca\\\/#website\"},\"datePublished\":\"2026-04-23T15:18:35+00:00\",\"dateModified\":\"2026-04-29T16:36:31+00:00\",\"breadcrumb\":{\"@id\":\"https:\\\/\\\/mfr-group.es\\\/ca\\\/politica-de-privacidad\\\/#breadcrumb\"},\"inLanguage\":\"ca\",\"potentialAction\":[{\"@type\":\"ReadAction\",\"target\":[\"https:\\\/\\\/mfr-group.es\\\/ca\\\/politica-de-privacidad\\\/\"]}]},{\"@type\":\"BreadcrumbList\",\"@id\":\"https:\\\/\\\/mfr-group.es\\\/ca\\\/politica-de-privacidad\\\/#breadcrumb\",\"itemListElement\":[{\"@type\":\"ListItem\",\"position\":1,\"name\":\"Portada\",\"item\":\"https:\\\/\\\/mfr-group.es\\\/ca\\\/inici\\\/\"},{\"@type\":\"ListItem\",\"position\":2,\"name\":\"Pol\u00edtica de privacidad\"}]},{\"@type\":\"WebSite\",\"@id\":\"https:\\\/\\\/mfr-group.es\\\/ca\\\/#website\",\"url\":\"https:\\\/\\\/mfr-group.es\\\/ca\\\/\",\"name\":\"Instalaciones MFR\",\"description\":\"\",\"publisher\":{\"@id\":\"https:\\\/\\\/mfr-group.es\\\/ca\\\/#organization\"},\"potentialAction\":[{\"@type\":\"SearchAction\",\"target\":{\"@type\":\"EntryPoint\",\"urlTemplate\":\"https:\\\/\\\/mfr-group.es\\\/ca\\\/?s={search_term_string}\"},\"query-input\":{\"@type\":\"PropertyValueSpecification\",\"valueRequired\":true,\"valueName\":\"search_term_string\"}}],\"inLanguage\":\"ca\"},{\"@type\":\"Organization\",\"@id\":\"https:\\\/\\\/mfr-group.es\\\/ca\\\/#organization\",\"name\":\"Instalaciones MFR\",\"url\":\"https:\\\/\\\/mfr-group.es\\\/ca\\\/\",\"logo\":{\"@type\":\"ImageObject\",\"inLanguage\":\"ca\",\"@id\":\"https:\\\/\\\/mfr-group.es\\\/ca\\\/#\\\/schema\\\/logo\\\/image\\\/\",\"url\":\"https:\\\/\\\/mfr-group.es\\\/wp-content\\\/uploads\\\/2026\\\/04\\\/new-logo.webp\",\"contentUrl\":\"https:\\\/\\\/mfr-group.es\\\/wp-content\\\/uploads\\\/2026\\\/04\\\/new-logo.webp\",\"width\":635,\"height\":627,\"caption\":\"Instalaciones MFR\"},\"image\":{\"@id\":\"https:\\\/\\\/mfr-group.es\\\/ca\\\/#\\\/schema\\\/logo\\\/image\\\/\"}}]}<\/script>\n<!-- \/ Yoast SEO plugin. -->","yoast_head_json":{"title":"Pol\u00edtica de privacidad - Instalaciones MFR","robots":{"index":"index","follow":"follow","max-snippet":"max-snippet:-1","max-image-preview":"max-image-preview:large","max-video-preview":"max-video-preview:-1"},"canonical":"https:\/\/mfr-group.es\/ca\/politica-de-privacidad\/","og_locale":"ca_ES","og_type":"article","og_title":"Pol\u00edtica de privacidad - Instalaciones MFR","og_description":"1. Datos del Responsable del Tratamiento Denominaci\u00f3n social: MFR SERVICES AND SHOPFITTING 2016, S.L. Nombre comercial: Instalaciones MFR Domicilio social: C\/Llu\u00eds Millet, 10, 08850, Gav\u00e0 NIF: B66851171 Email: administracion@instalaciones-mfr.com 1.1. Normativa aplicable Nuestra Pol\u00edtica de Privacidad se ha dise\u00f1ado de acuerdo con el Reglamento General de Protecci\u00f3n de Datos de la UE 2016\/679 del Parlamento [&hellip;]","og_url":"https:\/\/mfr-group.es\/ca\/politica-de-privacidad\/","og_site_name":"Instalaciones MFR","article_modified_time":"2026-04-29T16:36:31+00:00","twitter_card":"summary_large_image","twitter_misc":{"Temps estimat de lectura":"4 minuts"},"schema":{"@context":"https:\/\/schema.org","@graph":[{"@type":"WebPage","@id":"https:\/\/mfr-group.es\/ca\/politica-de-privacidad\/","url":"https:\/\/mfr-group.es\/ca\/politica-de-privacidad\/","name":"Pol\u00edtica de privacidad - Instalaciones MFR","isPartOf":{"@id":"https:\/\/mfr-group.es\/ca\/#website"},"datePublished":"2026-04-23T15:18:35+00:00","dateModified":"2026-04-29T16:36:31+00:00","breadcrumb":{"@id":"https:\/\/mfr-group.es\/ca\/politica-de-privacidad\/#breadcrumb"},"inLanguage":"ca","potentialAction":[{"@type":"ReadAction","target":["https:\/\/mfr-group.es\/ca\/politica-de-privacidad\/"]}]},{"@type":"BreadcrumbList","@id":"https:\/\/mfr-group.es\/ca\/politica-de-privacidad\/#breadcrumb","itemListElement":[{"@type":"ListItem","position":1,"name":"Portada","item":"https:\/\/mfr-group.es\/ca\/inici\/"},{"@type":"ListItem","position":2,"name":"Pol\u00edtica de privacidad"}]},{"@type":"WebSite","@id":"https:\/\/mfr-group.es\/ca\/#website","url":"https:\/\/mfr-group.es\/ca\/","name":"Instalaciones MFR","description":"","publisher":{"@id":"https:\/\/mfr-group.es\/ca\/#organization"},"potentialAction":[{"@type":"SearchAction","target":{"@type":"EntryPoint","urlTemplate":"https:\/\/mfr-group.es\/ca\/?s={search_term_string}"},"query-input":{"@type":"PropertyValueSpecification","valueRequired":true,"valueName":"search_term_string"}}],"inLanguage":"ca"},{"@type":"Organization","@id":"https:\/\/mfr-group.es\/ca\/#organization","name":"Instalaciones MFR","url":"https:\/\/mfr-group.es\/ca\/","logo":{"@type":"ImageObject","inLanguage":"ca","@id":"https:\/\/mfr-group.es\/ca\/#\/schema\/logo\/image\/","url":"https:\/\/mfr-group.es\/wp-content\/uploads\/2026\/04\/new-logo.webp","contentUrl":"https:\/\/mfr-group.es\/wp-content\/uploads\/2026\/04\/new-logo.webp","width":635,"height":627,"caption":"Instalaciones MFR"},"image":{"@id":"https:\/\/mfr-group.es\/ca\/#\/schema\/logo\/image\/"}}]}},"_links":{"self":[{"href":"https:\/\/mfr-group.es\/ca\/wp-json\/wp\/v2\/pages\/532","targetHints":{"allow":["GET"]}}],"collection":[{"href":"https:\/\/mfr-group.es\/ca\/wp-json\/wp\/v2\/pages"}],"about":[{"href":"https:\/\/mfr-group.es\/ca\/wp-json\/wp\/v2\/types\/page"}],"author":[{"embeddable":true,"href":"https:\/\/mfr-group.es\/ca\/wp-json\/wp\/v2\/users\/1"}],"replies":[{"embeddable":true,"href":"https:\/\/mfr-group.es\/ca\/wp-json\/wp\/v2\/comments?post=532"}],"version-history":[{"count":3,"href":"https:\/\/mfr-group.es\/ca\/wp-json\/wp\/v2\/pages\/532\/revisions"}],"predecessor-version":[{"id":535,"href":"https:\/\/mfr-group.es\/ca\/wp-json\/wp\/v2\/pages\/532\/revisions\/535"}],"wp:attachment":[{"href":"https:\/\/mfr-group.es\/ca\/wp-json\/wp\/v2\/media?parent=532"}],"curies":[{"name":"wp","href":"https:\/\/api.w.org\/{rel}","templated":true}]}}